{"id":1924,"date":"2019-05-09T11:39:21","date_gmt":"2019-05-09T09:39:21","guid":{"rendered":"https:\/\/palazzocarafadellaspina.it\/home\/"},"modified":"2019-07-30T18:28:35","modified_gmt":"2019-07-30T16:28:35","slug":"home","status":"publish","type":"page","link":"https:\/\/palazzocarafadellaspina.it\/es\/","title":{"rendered":"home"},"content":{"rendered":"<p>[vc_row full_width=\u00bbstretch_row_content\u00bb equal_height=\u00bbyes\u00bb content_placement=\u00bbmiddle\u00bb css_animation=\u00bbslideInUp\u00bb css=\u00bb.vc_custom_1559235774893{margin-top: 0px !important;margin-bottom: 0px !important;background-color: #ffffff !important;}\u00bb el_id=\u00bbprima-riga\u00bb][vc_column offset=\u00bbvc_col-lg-offset-1\/5 vc_col-lg-1\/5 vc_col-xs-12&#8243; css=\u00bb.vc_custom_1559234881929{margin-top: 0px !important;margin-bottom: 0px !important;padding-top: 0px !important;padding-right: 40px !important;padding-bottom: 0px !important;padding-left: 40px !important;}\u00bb][vc_column_text css=\u00bb.vc_custom_1563883292695{margin-top: 0px !important;padding-top: 0px !important;}\u00bb]<small>NAPOLES, CENTRO HIST\u00d3RICO<\/small><\/p>\n<h3>B&amp;B Palazzo Carafa della Spina.<br \/>\nTus preciosos recuerdos.<\/h3>\n<p>[\/vc_column_text][\/vc_column][vc_column offset=\u00bbvc_col-lg-1\/5 vc_col-xs-12&#8243; css=\u00bb.vc_custom_1559234095795{margin-top: 0px !important;margin-bottom: 0px !important;padding-top: 0px !important;padding-right: 40px !important;padding-bottom: 0px !important;padding-left: 40px !important;}\u00bb][vc_column_text]<\/p>\n<p style=\"color: rgba (51, 51, 51, 0.85);\">El <strong>Palazzo Carafa della Spina<\/strong> (<a href=\"https:\/\/it.wikipedia.org\/wiki\/Palazzo_Carafa_della_Spina\" target=\"_blank\" rel=\"nofollow noopener noreferrer\">ver en Wikipedia<\/a>) es un magn\u00edfico palacio monumental de 1500 ubicado a lo largo de la parte baja del Decumano, cerca de Piazza San Domenico Maggiore en N\u00e1poles.<\/p>\n<p>[\/vc_column_text][\/vc_column][vc_column offset=\u00bbvc_col-lg-1\/5 vc_col-xs-12&#8243; css=\u00bb.vc_custom_1559234102654{margin-top: 0px !important;margin-bottom: 0px !important;padding-top: 0px !important;padding-right: 40px !important;padding-bottom: 0px !important;padding-left: 40px !important;}\u00bb][vc_column_text]<\/p>\n<p style=\"color: rgba(51, 51, 51, 0.85);\">El <strong>Bed &amp; Breakfast<\/strong> se encuentra en el primer piso y expresa plenamente la atm\u00f3sfera de los lugares y los hermosos paisajes que hacen de N\u00e1poles uno de los destinos m\u00e1s buscados del mundo.<\/p>\n<p>[\/vc_column_text][\/vc_column][\/vc_row][vc_row full_width=\u00bbstretch_row_content_no_spaces\u00bb equal_height=\u00bbyes\u00bb content_placement=\u00bbmiddle\u00bb css_animation=\u00bbslideInUp\u00bb css=\u00bb.vc_custom_1559235760120{margin-top: 20px !important;margin-right: 20px !important;margin-left: 20px !important;background-color: #ffffff !important;}\u00bb el_class=\u00bbreverse-row\u00bb][vc_column css=\u00bb.vc_custom_1557743819638{padding-top: 40px !important;padding-right: 40px !important;padding-bottom: 40px !important;padding-left: 40px !important;}\u00bb offset=\u00bbvc_col-md-6&#8243;][vc_column_text]<\/p>\n<div class=\"block-text\">\n<h2>Descubre el Palazzo Carafa della Spina<\/h2>\n<div class=\"subtitle\"><em>La elegancia debe ser c\u00f3moda<\/em><\/div>\n<p><strong>Bed &amp; breakfast o casa de vacaciones<\/strong>, en el Palazzo Carafa della Spina, est\u00e1 exactamente donde quer\u00eda estar &#8230; \u00a1en N\u00e1poles!<br \/>\nSe encuentra en el centro hist\u00f3rico, precisamente en <strong>Spaccanapoli<\/strong>, en un edificio que se presenta con uno de los portales m\u00e1s impresionantes del siglo XVIII, entre las dos plazas m\u00e1s bellas e importantes del panorama art\u00edstico y cultural de la ciudad antigua, a un paso de la vida nocturna del centro hist\u00f3rico. Y en el coraz\u00f3n del paseo art\u00edstico m\u00e1s visitado de la ciudad: <strong>San Gregorio Armeno<\/strong>.<\/p>\n<\/div>\n<p>[\/vc_column_text][vc_btn title=\u00bbACERCA DE NOSOTROS\u00bb link=\u00bburl:https%3A%2F%2Fpalazzocarafadellaspina.it%2Fes%2Facerca-de-nosotros%2F|title:Su%20di%20Noi||\u00bb][\/vc_column][vc_column css=\u00bb.vc_custom_1557740016176{padding-top: 0px !important;padding-bottom: 0px !important;background-position: 0 0 !important;background-repeat: no-repeat !important;}\u00bb offset=\u00bbvc_col-md-6&#8243;][vc_single_image image=\u00bb131&#8243; img_size=\u00bbfull\u00bb alignment=\u00bbcenter\u00bb css=\u00bb.vc_custom_1557768384939{margin-bottom: 0px !important;}\u00bb][\/vc_column][\/vc_row][vc_row full_width=\u00bbstretch_row_content_no_spaces\u00bb equal_height=\u00bbyes\u00bb content_placement=\u00bbmiddle\u00bb css_animation=\u00bbslideInUp\u00bb css=\u00bb.vc_custom_1559235815766{margin-top: 20px !important;background-color: #ffffff !important;}\u00bb][vc_column offset=\u00bbvc_col-md-6&#8243; css=\u00bb.vc_custom_1557740183888{padding-top: 0px !important;padding-bottom: 0px !important;}\u00bb][vc_single_image image=\u00bb50&#8243; img_size=\u00bbfull\u00bb alignment=\u00bbcenter\u00bb css=\u00bb.vc_custom_1557742833852{margin-bottom: 0px !important;}\u00bb][\/vc_column][vc_column css=\u00bb.vc_custom_1557743872584{padding-top: 40px !important;padding-right: 40px !important;padding-bottom: 40px !important;padding-left: 40px !important;}\u00bb offset=\u00bbvc_col-md-6&#8243;][vc_column_text]<\/p>\n<div class=\"block-text\">\n<h2>Habitaciones<\/h2>\n<div class=\"subtitle\">Nos gusta hacerte sentir como en casa<\/div>\n<p>Cada habitaci\u00f3n expresa la atm\u00f3sfera de los lugares y los hermosos paisajes que hacen de N\u00e1poles uno de los m\u00e1s famosos del mundo. El corredor de acceso a las habitaciones habla de las artes y las artesan\u00edas del pasado a trav\u00e9s de las im\u00e1genes que adornan las paredes. Cruzarlo permitir\u00e1 una verdadera inmersi\u00f3n en la historia de esta ciudad.<\/p>\n<\/div>\n<p>[\/vc_column_text][vc_btn title=\u00bbVER HABITACIONES\u00bb align=\u00bbleft\u00bb css=\u00bb.vc_custom_1563884133058{margin-top: 0px !important;}\u00bb link=\u00bburl:https%3A%2F%2Fpalazzocarafadellaspina.it%2Fes%2Fhabitaciones%2F|||\u00bb][\/vc_column][\/vc_row][vc_row full_width=\u00bbstretch_row_content_no_spaces\u00bb equal_height=\u00bbyes\u00bb content_placement=\u00bbmiddle\u00bb css_animation=\u00bbslideInUp\u00bb css=\u00bb.vc_custom_1559235830108{margin-top: 20px !important;background-color: #ffffff !important;}\u00bb el_class=\u00bbreverse-row\u00bb][vc_column css=\u00bb.vc_custom_1557743880247{padding-top: 40px !important;padding-right: 40px !important;padding-bottom: 40px !important;padding-left: 40px !important;}\u00bb offset=\u00bbvc_col-md-6&#8243;][vc_column_text]<\/p>\n<div class=\"block-text\">\n<h2>Apartamentos<\/h2>\n<div class=\"subtitle\"><em>En el Palazzo Carafa della Spina est\u00e1s en N\u00e1poles, \u00a1est\u00e1s en casa!<\/em><\/div>\n<p>Los apartamentos familiares se encuentran en el primer piso de este magn\u00edfico palacio noble de la d\u00e9cada de 1500. Cada apartamento incluye una cocina con nevera, horno, vitrocer\u00e1mica y microondas. Durante su estancia, tambi\u00e9n encontrar\u00e1 una lavadora, conexi\u00f3n inal\u00e1mbrica a internet gratuita y un televisor de pantalla plana. El servicio de limpieza est\u00e1 disponible una vez por estancia.<\/p>\n<\/div>\n<p>[\/vc_column_text][vc_btn title=\u00bbVER APARTAMENTOS\u00bb align=\u00bbleft\u00bb css=\u00bb.vc_custom_1563884284238{margin-top: 0px !important;}\u00bb link=\u00bburl:https%3A%2F%2Fpalazzocarafadellaspina.it%2Fes%2Fapartamentos%2F|||\u00bb][\/vc_column][vc_column css=\u00bb.vc_custom_1557743230576{padding-top: 0px !important;padding-bottom: 0px !important;}\u00bb offset=\u00bbvc_col-md-6&#8243;][vc_single_image image=\u00bb35&#8243; img_size=\u00bbfull\u00bb alignment=\u00bbcenter\u00bb css=\u00bb.vc_custom_1557742838762{margin-bottom: 0px !important;}\u00bb][\/vc_column][\/vc_row][vc_row full_width=\u00bbstretch_row_content_no_spaces\u00bb content_placement=\u00bbmiddle\u00bb css_animation=\u00bbslideInUp\u00bb css=\u00bb.vc_custom_1559235848507{margin-top: 20px !important;margin-right: 0px !important;margin-bottom: 0px !important;margin-left: 0px !important;padding-top: 60px !important;padding-bottom: 60px !important;background-color: #ffffff !important;}\u00bb][vc_column][vc_column_text]<\/p>\n<h2 style=\"text-align: center; font-size: 30px;\">I Nostri Servizi<\/h2>\n<p>[\/vc_column_text][vc_row_inner equal_height=\u00bbyes\u00bb content_placement=\u00bbmiddle\u00bb gap=\u00bb30&#8243; el_id=\u00bbnostri-servizi\u00bb][vc_column_inner width=\u00bb1\/2&#8243; offset=\u00bbvc_col-lg-3 vc_col-md-6 vc_col-xs-12&#8243;]<div class=\"aio-icon-component   box-servizi style_1\"><a class=\"aio-icon-box-link\" href=\"https:\/\/palazzocarafadellaspina.it\/es\/categoria-producto\/servicios-de-transporte\/\" ><div id=\"Info-box-wrap-7791\" class=\"aio-icon-box top-icon\" style=\"\"  ><div class=\"aio-icon-top\"><div class=\"ult-just-icon-wrapper  \"><div class=\"align-icon\" style=\"text-align:center;\">\n<div class=\"aio-icon none \"  style=\"color:#333;font-size:64px;display:inline-block;\">\n\t<i class=\"Defaults-plane\"><\/i>\n<\/div><\/div><\/div><\/div><div class=\"aio-icon-header\" ><h3 class=\"aio-icon-title ult-responsive\"  data-ultimate-target='#Info-box-wrap-7791 .aio-icon-title'  data-responsive-json-new='{\"font-size\":\"\",\"line-height\":\"\"}'  style=\"\">Servicios de Transporte<\/h3><\/div> <!-- header --><div class=\"aio-icon-description ult-responsive\"  data-ultimate-target='#Info-box-wrap-7791 .aio-icon-description'  data-responsive-json-new='{\"font-size\":\"\",\"line-height\":\"\"}'  style=\"\">El servicio de transporte desde y hacia el aeropuerto est\u00e1 disponible las 24 horas del d\u00eda.<\/div> <!-- description --><\/div> <!-- aio-icon-box --><\/a><\/div> <!-- aio-icon-component -->[\/vc_column_inner][vc_column_inner width=\u00bb1\/2&#8243; offset=\u00bbvc_col-lg-3 vc_col-md-6 vc_col-xs-12&#8243;]<div class=\"aio-icon-component   box-servizi style_1\"><a class=\"aio-icon-box-link\" href=\"https:\/\/palazzocarafadellaspina.it\/es\/servicios\/desayuno\/desayuno\/\" ><div id=\"Info-box-wrap-3689\" class=\"aio-icon-box top-icon\" style=\"\"  ><div class=\"aio-icon-top\"><div class=\"ult-just-icon-wrapper  \"><div class=\"align-icon\" style=\"text-align:center;\">\n<div class=\"aio-icon none \"  style=\"color:#333;font-size:64px;display:inline-block;\">\n\t<i class=\"fas fa-mug-hot\"><\/i>\n<\/div><\/div><\/div><\/div><div class=\"aio-icon-header\" ><h3 class=\"aio-icon-title ult-responsive\"  data-ultimate-target='#Info-box-wrap-3689 .aio-icon-title'  data-responsive-json-new='{\"font-size\":\"\",\"line-height\":\"\"}'  style=\"\">Desayuno<\/h3><\/div> <!-- header --><div class=\"aio-icon-description ult-responsive\"  data-ultimate-target='#Info-box-wrap-3689 .aio-icon-description'  data-responsive-json-new='{\"font-size\":\"\",\"line-height\":\"\"}'  style=\"\">El desayuno se sirve a diario en la hermosa Piazza San Domenico Maggiore.<\/div> <!-- description --><\/div> <!-- aio-icon-box --><\/a><\/div> <!-- aio-icon-component -->[\/vc_column_inner][vc_column_inner width=\u00bb1\/2&#8243; offset=\u00bbvc_col-lg-3 vc_col-md-6 vc_col-xs-12&#8243;]<div class=\"aio-icon-component   box-servizi style_1\"><a class=\"aio-icon-box-link\" href=\"https:\/\/palazzocarafadellaspina.it\/es\/servicios\/tours\/\" ><div id=\"Info-box-wrap-3128\" class=\"aio-icon-box top-icon\" style=\"\"  ><div class=\"aio-icon-top\"><div class=\"ult-just-icon-wrapper  \"><div class=\"align-icon\" style=\"text-align:center;\">\n<div class=\"aio-icon none \"  style=\"color:#333;font-size:64px;display:inline-block;\">\n\t<i class=\"fas fa-city\"><\/i>\n<\/div><\/div><\/div><\/div><div class=\"aio-icon-header\" ><h3 class=\"aio-icon-title ult-responsive\"  data-ultimate-target='#Info-box-wrap-3128 .aio-icon-title'  data-responsive-json-new='{\"font-size\":\"\",\"line-height\":\"\"}'  style=\"\">Tours<\/h3><\/div> <!-- header --><div class=\"aio-icon-description ult-responsive\"  data-ultimate-target='#Info-box-wrap-3128 .aio-icon-description'  data-responsive-json-new='{\"font-size\":\"\",\"line-height\":\"\"}'  style=\"\">Explore la ciudad con nuestro gu\u00eda tur\u00edstico interno. Tenemos tu espalda.<\/div> <!-- description --><\/div> <!-- aio-icon-box --><\/a><\/div> <!-- aio-icon-component -->[\/vc_column_inner][vc_column_inner width=\u00bb1\/2&#8243; offset=\u00bbvc_col-lg-3 vc_col-md-6 vc_col-xs-12&#8243;]<div class=\"aio-icon-component   box-servizi style_3\"><a class=\"aio-icon-box-link\" href=\"https:\/\/palazzocarafadellaspina.it\/es\/servicios\/almacenamiento-de-equipaje\/almacenamiento-de-equipaje\/\" ><div id=\"Info-box-wrap-2314\" class=\"aio-icon-box top-icon\" style=\"\"  ><div class=\"aio-icon-top\"><div class=\"ult-just-icon-wrapper  \"><div class=\"align-icon\" style=\"text-align:center;\">\n<div class=\"aio-icon none \"  style=\"color:#333;font-size:64px;display:inline-block;\">\n\t<i class=\"fas fa-shopping-bag\"><\/i>\n<\/div><\/div><\/div><\/div><div class=\"aio-icon-header\" ><h3 class=\"aio-icon-title ult-responsive\"  data-ultimate-target='#Info-box-wrap-2314 .aio-icon-title'  data-responsive-json-new='{\"font-size\":\"\",\"line-height\":\"\"}'  style=\"\">Almacenamiento de Equipaje<\/h3><\/div> <!-- header --><div class=\"aio-icon-description ult-responsive\"  data-ultimate-target='#Info-box-wrap-2314 .aio-icon-description'  data-responsive-json-new='{\"font-size\":\"\",\"line-height\":\"\"}'  style=\"\">Todos los d\u00edas abre hasta las 7 de la tarde, a partir de la salida.<\/div> <!-- description --><\/div> <!-- aio-icon-box --><\/a><\/div> <!-- aio-icon-component -->[\/vc_column_inner][\/vc_row_inner][\/vc_column][\/vc_row][vc_row full_width=\u00bbstretch_row_content_no_spaces\u00bb equal_height=\u00bbyes\u00bb content_placement=\u00bbmiddle\u00bb css_animation=\u00bbslideInUp\u00bb css=\u00bb.vc_custom_1559235887530{margin-top: 20px !important;background-color: #ffffff !important;}\u00bb el_class=\u00bbreverse-row\u00bb][vc_column css=\u00bb.vc_custom_1557930816186{padding-top: 40px !important;padding-right: 40px !important;padding-bottom: 40px !important;padding-left: 40px !important;}\u00bb offset=\u00bbvc_col-md-6&#8243;][vc_column_text]<\/p>\n<div class=\"block-text\">\n<h2>Comida<\/h2>\n<div class=\"subtitle\"><em>Cocina napolitana, excelencia de la creatividad<\/em><\/div>\n<p>La cocina napolitana tiene ra\u00edces hist\u00f3ricas antiguas que datan de la \u00e9poca grecorromana y se ha enriquecido a lo largo de los siglos con la influencia de diferentes culturas que se sucedieron durante las diversas dominaciones de la ciudad y los alrededores. La imaginaci\u00f3n y creatividad napolitana han jugado un papel fundamental en la variedad de platos y recetas que se presentan hoy en la cultura culinaria napolitana.<\/p>\n<\/div>\n<p>[\/vc_column_text][vc_btn title=\u00bbDESCUBRE M\u00c1S\u00bb align=\u00bbleft\u00bb css=\u00bb.vc_custom_1563884833365{margin-top: 0px !important;}\u00bb][\/vc_column][vc_column offset=\u00bbvc_col-md-6&#8243; css=\u00bb.vc_custom_1557931031481{padding-top: 0px !important;}\u00bb][vc_single_image image=\u00bb58&#8243; img_size=\u00bbfull\u00bb alignment=\u00bbcenter\u00bb css=\u00bb.vc_custom_1557930887985{margin-bottom: 0px !important;padding-top: 0px !important;padding-bottom: 0px !important;}\u00bb][\/vc_column][\/vc_row][vc_row full_width=\u00bbstretch_row_content_no_spaces\u00bb equal_height=\u00bbyes\u00bb content_placement=\u00bbmiddle\u00bb css_animation=\u00bbslideInUp\u00bb css=\u00bb.vc_custom_1559235903666{margin-top: 20px !important;background-color: #ffffff !important;}\u00bb][vc_column css=\u00bb.vc_custom_1557931207727{padding-top: 0px !important;}\u00bb offset=\u00bbvc_col-md-6&#8243;][vc_single_image image=\u00bb67&#8243; img_size=\u00bbfull\u00bb alignment=\u00bbcenter\u00bb css=\u00bb.vc_custom_1557742856548{margin-bottom: 0px !important;}\u00bb][\/vc_column][vc_column css=\u00bb.vc_custom_1557931175415{padding-top: 40px !important;padding-right: 40px !important;padding-bottom: 40px !important;padding-left: 40px !important;}\u00bb offset=\u00bbvc_col-md-6&#8243;][vc_column_text]<\/p>\n<div class=\"block-text\">\n<h2>Eventos<\/h2>\n<div class=\"subtitle\"><em>No puedes aburrirte con nosotros<\/em><\/div>\n<p>D\u00e9jate guiar y enam\u00f3rate de N\u00e1poles, su vivacidad, su folclore y sus fuertes contrastes. Con nuestro conocimiento podemos adaptar sus viajes o excursiones de acuerdo a sus preferencias. Permita que nuestro personal experimentado organice sus agradables excursiones.<\/p>\n<\/div>\n<p>[\/vc_column_text][vc_btn title=\u00bbDESCUBRE M\u00c1S\u00bb align=\u00bbleft\u00bb css=\u00bb.vc_custom_1563884969812{margin-top: 0px !important;}\u00bb][\/vc_column][\/vc_row][vc_row full_width=\u00bbstretch_row_content_no_spaces\u00bb css_animation=\u00bbslideInUp\u00bb css=\u00bb.vc_custom_1559235918977{margin-top: 20px !important;background-color: #ffffff !important;}\u00bb][vc_column width=\u00bb2\/3&#8243; offset=\u00bbvc_col-sm-offset-2 vc_col-xs-12&#8243;][vc_column_text]<\/p>\n<div class=\"block-text\">\n<h2 style=\"text-align: center;\">El libro de visitas<\/h2>\n<div class=\"subtitle\" style=\"text-align: center;\"><em>Nuestros clientes dicen de nosotros<\/em><\/div>\n<\/div>\n<p>[\/vc_column_text]<style type=\"text\/css\" data-type=\"the7_shortcodes-inline-css\">.testimonials-carousel-shortcode.testimonials-carousel-shortcode-id-bbd5accc85cb4e72fc07540909b8e57c.owl-carousel .owl-nav a {\n  width: 36px;\n  height: 36px;\n  border-radius: 500px;\n}\n.testimonials-carousel-shortcode.testimonials-carousel-shortcode-id-bbd5accc85cb4e72fc07540909b8e57c.owl-carousel .owl-nav a:before,\n.testimonials-carousel-shortcode.testimonials-carousel-shortcode-id-bbd5accc85cb4e72fc07540909b8e57c.owl-carousel .owl-nav a:after {\n  border-width: 0px;\n}\n.testimonials-carousel-shortcode.testimonials-carousel-shortcode-id-bbd5accc85cb4e72fc07540909b8e57c.owl-carousel .owl-nav a.owl-prev {\n  top: 50%;\n  transform: translateY(calc(-50% + 0px));\n  left: -20px;\n}\n@media all and (-ms-high-contrast: none) {\n  .testimonials-carousel-shortcode.testimonials-carousel-shortcode-id-bbd5accc85cb4e72fc07540909b8e57c.owl-carousel .owl-nav a.owl-prev {\n    transform: translateY(-50%);\n    margin-top: 0px;\n  }\n}\n.testimonials-carousel-shortcode.testimonials-carousel-shortcode-id-bbd5accc85cb4e72fc07540909b8e57c.owl-carousel .owl-nav a.owl-prev i {\n  padding: 0px 0px 0px 0px;\n}\n.testimonials-carousel-shortcode.testimonials-carousel-shortcode-id-bbd5accc85cb4e72fc07540909b8e57c.owl-carousel .owl-nav a.owl-next {\n  top: 50%;\n  transform: translateY(calc(-50% + 0px));\n  right: -20px;\n}\n@media all and (-ms-high-contrast: none) {\n  .testimonials-carousel-shortcode.testimonials-carousel-shortcode-id-bbd5accc85cb4e72fc07540909b8e57c.owl-carousel .owl-nav a.owl-next {\n    transform: translateY(-50%);\n    margin-top: 0px;\n  }\n}\n.testimonials-carousel-shortcode.testimonials-carousel-shortcode-id-bbd5accc85cb4e72fc07540909b8e57c.owl-carousel .owl-nav a.owl-next i {\n  padding: 0px 0px 0px 0px;\n}\n.testimonials-carousel-shortcode.testimonials-carousel-shortcode-id-bbd5accc85cb4e72fc07540909b8e57c.owl-carousel .owl-nav i {\n  font-size: 18px;\n}\n.testimonials-carousel-shortcode.testimonials-carousel-shortcode-id-bbd5accc85cb4e72fc07540909b8e57c.owl-carousel .owl-nav a:not(:hover) i,\n.testimonials-carousel-shortcode.testimonials-carousel-shortcode-id-bbd5accc85cb4e72fc07540909b8e57c.owl-carousel .owl-nav a:not(:hover) i:before {\n  color: #ffffff;\n  background: none;\n}\n.testimonials-carousel-shortcode.testimonials-carousel-shortcode-id-bbd5accc85cb4e72fc07540909b8e57c.owl-carousel .owl-nav a:hover i,\n.testimonials-carousel-shortcode.testimonials-carousel-shortcode-id-bbd5accc85cb4e72fc07540909b8e57c.owl-carousel .owl-nav a:hover i:before {\n  color: rgba(255,255,255,0.75);\n  background: none;\n}\n.testimonials-carousel-shortcode.testimonials-carousel-shortcode-id-bbd5accc85cb4e72fc07540909b8e57c .owl-dots {\n  top: calc(100% + 20px);\n  left: 50%;\n  transform: translateX(calc(-50% + 0px));\n}\n@media all and (-ms-high-contrast: none) {\n  .testimonials-carousel-shortcode.testimonials-carousel-shortcode-id-bbd5accc85cb4e72fc07540909b8e57c .owl-dots {\n    transform: translateX(-50%);\n    margin-left: 0px;\n  }\n}\n.testimonials-carousel-shortcode.testimonials-carousel-shortcode-id-bbd5accc85cb4e72fc07540909b8e57c .owl-dot {\n  width: 10px;\n  height: 10px;\n  margin: 0 8px;\n}\n@media screen and (max-width: 778px) {\n  .testimonials-carousel-shortcode.testimonials-carousel-shortcode-id-bbd5accc85cb4e72fc07540909b8e57c.hide-arrows.owl-carousel .owl-nav a {\n    display: none;\n  }\n}\n@media screen and (max-width: 778px) {\n  .testimonials-carousel-shortcode.testimonials-carousel-shortcode-id-bbd5accc85cb4e72fc07540909b8e57c.reposition-arrows.owl-carousel .owl-nav .owl-prev {\n    top: 50%;\n    transform: translateY(calc(-50% + 0px));\n    left: 0px;\n  }\n  .testimonials-carousel-shortcode.testimonials-carousel-shortcode-id-bbd5accc85cb4e72fc07540909b8e57c.reposition-arrows.owl-carousel .owl-nav .owl-next {\n    top: 50%;\n    transform: translateY(calc(-50% + 0px));\n    right: 0px;\n  }\n}\n@media screen and (max-width: 778px) and all and (-ms-high-contrast: none) {\n  .testimonials-carousel-shortcode.testimonials-carousel-shortcode-id-bbd5accc85cb4e72fc07540909b8e57c.reposition-arrows.owl-carousel .owl-nav .owl-prev {\n    transform: translateY(-50%);\n    margin-top: 0px;\n  }\n}\n@media screen and (max-width: 778px) and all and (-ms-high-contrast: none) {\n  .testimonials-carousel-shortcode.testimonials-carousel-shortcode-id-bbd5accc85cb4e72fc07540909b8e57c.reposition-arrows.owl-carousel .owl-nav .owl-next {\n    transform: translateY(-50%);\n    margin-top: 0px;\n  }\n}\n.testimonials-carousel-shortcode.testimonials-carousel-shortcode-id-bbd5accc85cb4e72fc07540909b8e57c.content-bg-on .testimonial-item {\n  background: #ffffff;\n}\n.testimonials-carousel-shortcode.testimonials-carousel-shortcode-id-bbd5accc85cb4e72fc07540909b8e57c .testimonial-item {\n  padding: 30px 30px 20px 30px;\n}\n.testimonials-carousel-shortcode.testimonials-carousel-shortcode-id-bbd5accc85cb4e72fc07540909b8e57c .testimonial-name,\n.testimonials-carousel-shortcode.testimonials-carousel-shortcode-id-bbd5accc85cb4e72fc07540909b8e57c .testimonial-name a,\n.testimonials-carousel-shortcode.testimonials-carousel-shortcode-id-bbd5accc85cb4e72fc07540909b8e57c .testimonial-name span {\n  margin-bottom: 0px;\n  font-weight: bold;\n}\n.testimonials-carousel-shortcode.testimonials-carousel-shortcode-id-bbd5accc85cb4e72fc07540909b8e57c .testimonial-position {\n  margin-bottom: 20px;\n}\n.testimonials-carousel-shortcode.testimonials-carousel-shortcode-id-bbd5accc85cb4e72fc07540909b8e57c .testimonial-position,\n.testimonials-carousel-shortcode.testimonials-carousel-shortcode-id-bbd5accc85cb4e72fc07540909b8e57c .testimonial-position span {\n  font-weight: bold;\n}\n.testimonials-carousel-shortcode.testimonials-carousel-shortcode-id-bbd5accc85cb4e72fc07540909b8e57c  .testimonial-avatar {\n  padding: 0px 20px 20px 0px;\n}\n.testimonials-carousel-shortcode.testimonials-carousel-shortcode-id-bbd5accc85cb4e72fc07540909b8e57c  .testimonial-avatar a,\n.testimonials-carousel-shortcode.testimonials-carousel-shortcode-id-bbd5accc85cb4e72fc07540909b8e57c  .testimonial-avatar span,\n.testimonials-carousel-shortcode.testimonials-carousel-shortcode-id-bbd5accc85cb4e72fc07540909b8e57c  .testimonial-avatar img {\n  max-width: 80px;\n}\n.testimonials-carousel-shortcode.testimonials-carousel-shortcode-id-bbd5accc85cb4e72fc07540909b8e57c .dt-css-grid .testimonial-avatar img,\n.testimonials-carousel-shortcode.testimonials-carousel-shortcode-id-bbd5accc85cb4e72fc07540909b8e57c .dt-css-grid .testimonial-avatar svg {\n  max-width: 100%;\n}\n.testimonials-carousel-shortcode.testimonials-carousel-shortcode-id-bbd5accc85cb4e72fc07540909b8e57c.layout-5:not(.hide-testimonial-avatar) .content-wrap,\n.testimonials-carousel-shortcode.testimonials-carousel-shortcode-id-bbd5accc85cb4e72fc07540909b8e57c.layout-6:not(.hide-testimonial-avatar) .content-wrap {\n  width: calc(100% - 80px - 20px - 0px);\n}\n.testimonials-carousel-shortcode.testimonials-carousel-shortcode-id-bbd5accc85cb4e72fc07540909b8e57c .testimonial-content {\n  margin-bottom: 0px;\n}\n.testimonials-carousel-shortcode.testimonials-carousel-shortcode-id-bbd5accc85cb4e72fc07540909b8e57c  .testimonial-avatar,\n.testimonials-carousel-shortcode.testimonials-carousel-shortcode-id-bbd5accc85cb4e72fc07540909b8e57c  .testimonial-avatar a.rollover,\n.testimonials-carousel-shortcode.testimonials-carousel-shortcode-id-bbd5accc85cb4e72fc07540909b8e57c  .testimonial-avatar a.rollover *,\n.testimonials-carousel-shortcode.testimonials-carousel-shortcode-id-bbd5accc85cb4e72fc07540909b8e57c  .testimonial-avatar img,\n.testimonials-carousel-shortcode.testimonials-carousel-shortcode-id-bbd5accc85cb4e72fc07540909b8e57c  .testimonial-avatar .no-avatar,\n.testimonials-carousel-shortcode.testimonials-carousel-shortcode-id-bbd5accc85cb4e72fc07540909b8e57c  .testim-no-avatar {\n  border-radius: 500px;\n}\n.testimonials-carousel-shortcode.testimonials-carousel-shortcode-id-bbd5accc85cb4e72fc07540909b8e57c  .testimonial-avatar .no-avatar {\n  height: 80px;\n}\n.testimonials-carousel-shortcode.testimonials-carousel-shortcode-id-bbd5accc85cb4e72fc07540909b8e57c  .testimonial-avatar .no-avatar {\n  font-size: 80px;\n  width: 80px;\n}\n<\/style><div class=\"owl-carousel testimonials-carousel-shortcode dt-testimonials-shortcode dt-owl-carousel-call testimonials-carousel-shortcode-id-bbd5accc85cb4e72fc07540909b8e57c content-align-center layout-1 content-bg-on bullets-small-dot-stroke reposition-arrows arrows-bg-on dt-arrow-border-on dt-arrow-hover-border-on disable-arrows-hover-bg arrows-hover-bg-on  \" data-scroll-mode=\"1\" data-col-num=\"3\" data-wide-col-num=\"3\" data-laptop-col=\"3\" data-h-tablet-columns-num=\"2\" data-v-tablet-columns-num=\"1\" data-phone-columns-num=\"1\" data-auto-height=\"false\" data-col-gap=\"30\" data-stage-padding=\"0\" data-speed=\"600\" data-autoplay=\"false\" data-autoplay_speed=\"6000\" data-arrows=\"true\" data-bullet=\"false\" data-next-icon=\"icon-ar-017-r\" data-prev-icon=\"icon-ar-017-l\"><div class=\"testimonial-item\"><div class=\"testimonial-avatar\"><span class=\"testimonial-thumb\"><img loading=\"lazy\" decoding=\"async\" class=\"preload-me\" src=\"https:\/\/palazzocarafadellaspina.it\/wp-content\/uploads\/2019\/05\/ilaria-pettorino-80x80.jpg\" srcset=\"https:\/\/palazzocarafadellaspina.it\/wp-content\/uploads\/2019\/05\/ilaria-pettorino-80x80.jpg 80w, https:\/\/palazzocarafadellaspina.it\/wp-content\/uploads\/2019\/05\/ilaria-pettorino-160x160.jpg 160w\" sizes=\"auto, 80px\" width=\"80\" height=\"80\"   alt=\"\" \/><\/span><\/div><div class=\"content-wrap\"><div class=\"testimonial-vcard\"><div class=\"testimonial-name\"><span class=\"text-primary\">Ilaria Pettorino<\/span><br \/><\/div><div class=\"testimonial-position\"><\/div><\/div><div class=\"testimonial-content\"><p>\u00abEl B&amp;B est\u00e1 en una ubicaci\u00f3n perfecta, en el coraz\u00f3n de la animada Spaccanapoli te permite visitar a pie muchas de las maravillas de N\u00e1poles\u00bb.<\/p>\n<\/div><\/div><\/div><div class=\"testimonial-item\"><div class=\"testimonial-avatar\"><span class=\"testimonial-thumb\"><img loading=\"lazy\" decoding=\"async\" class=\"preload-me\" src=\"https:\/\/palazzocarafadellaspina.it\/wp-content\/uploads\/2019\/05\/oreste-dari-80x80.jpg\" srcset=\"https:\/\/palazzocarafadellaspina.it\/wp-content\/uploads\/2019\/05\/oreste-dari-80x80.jpg 80w, https:\/\/palazzocarafadellaspina.it\/wp-content\/uploads\/2019\/05\/oreste-dari-160x160.jpg 160w\" sizes=\"auto, 80px\" width=\"80\" height=\"80\"   alt=\"\" \/><\/span><\/div><div class=\"content-wrap\"><div class=\"testimonial-vcard\"><div class=\"testimonial-name\"><span class=\"text-primary\">Oreste Dari<\/span><br \/><\/div><div class=\"testimonial-position\"><\/div><\/div><div class=\"testimonial-content\"><p>\u00abLugar encantador en el centro hist\u00f3rico de N\u00e1poles, cerca de Santa Chiara. Salvatore es una persona maravillosa y muy agradable\u00bb.<\/p>\n<\/div><\/div><\/div><div class=\"testimonial-item\"><div class=\"testimonial-avatar\"><span class=\"testimonial-thumb\"><img loading=\"lazy\" decoding=\"async\" class=\"preload-me\" src=\"https:\/\/palazzocarafadellaspina.it\/wp-content\/uploads\/2019\/05\/Mari-Mari-80x80.jpg\" srcset=\"https:\/\/palazzocarafadellaspina.it\/wp-content\/uploads\/2019\/05\/Mari-Mari-80x80.jpg 80w, https:\/\/palazzocarafadellaspina.it\/wp-content\/uploads\/2019\/05\/Mari-Mari-160x160.jpg 160w\" sizes=\"auto, 80px\" width=\"80\" height=\"80\"   alt=\"\" \/><\/span><\/div><div class=\"content-wrap\"><div class=\"testimonial-vcard\"><div class=\"testimonial-name\"><span class=\"text-primary\">Mari Mari<\/span><br \/><\/div><div class=\"testimonial-position\"><\/div><\/div><div class=\"testimonial-content\"><p>\u00abEn el centro de N\u00e1poles, un personal amable y acogedor en un edificio de \u00e9poca. Estructura c\u00f3moda y limpia donde tuve una estancia perfecta. Recomendado\u00bb<\/p>\n<\/div><\/div><\/div><div class=\"testimonial-item\"><div class=\"testimonial-avatar\"><span class=\"testimonial-thumb\"><img loading=\"lazy\" decoding=\"async\" class=\"preload-me\" src=\"https:\/\/palazzocarafadellaspina.it\/wp-content\/uploads\/2019\/05\/vincenzo-montone-80x80.jpg\" srcset=\"https:\/\/palazzocarafadellaspina.it\/wp-content\/uploads\/2019\/05\/vincenzo-montone-80x80.jpg 80w, https:\/\/palazzocarafadellaspina.it\/wp-content\/uploads\/2019\/05\/vincenzo-montone-160x160.jpg 160w\" sizes=\"auto, 80px\" width=\"80\" height=\"80\"   alt=\"\" \/><\/span><\/div><div class=\"content-wrap\"><div class=\"testimonial-vcard\"><div class=\"testimonial-name\"><span class=\"text-primary\">Vincenzo Montone<\/span><br \/><\/div><div class=\"testimonial-position\"><\/div><\/div><div class=\"testimonial-content\"><p>\u00abMaravillosa bienvenida, la hermosa \u00e1rea y el amable personal est\u00e1n calificados. Se lo recomiendo a todos los que quieran pasar unas agradables vacaciones en el coraz\u00f3n de N\u00e1poles. Excelentes comentarios\u00bb<\/p>\n<\/div><\/div><\/div><\/div>[\/vc_column][\/vc_row][vc_row full_width=\u00bbstretch_row_content_no_spaces\u00bb content_placement=\u00bbmiddle\u00bb parallax=\u00bbcontent-moving\u00bb parallax_speed_bg=\u00bb2.5&#8243; css_animation=\u00bbslideInUp\u00bb bg_type=\u00bbbg_color\u00bb css=\u00bb.vc_custom_1559235933907{margin-top: 20px !important;background-image: url(https:\/\/palazzocarafadellaspina.it\/wp-content\/uploads\/2019\/05\/promo.jpg?id=192) !important;background-position: center;background-repeat: no-repeat !important;background-size: cover !important;}\u00bb bg_color_value=\u00bb#ffffff\u00bb][vc_column el_class=\u00bbpromo\u00bb][vc_column_text]<\/p>\n<div class=\"block-text ombra-nera\">\n<h2 style=\"text-align: center;\"><span style=\"color: #ffffff;\">Promo<\/span><\/h2>\n<div class=\"subtitle\" style=\"text-align: center;\"><span style=\"color: #ffffff;\">Weekend romantico al centro di Napoli<\/span><\/div>\n<\/div>\n<p>[\/vc_column_text][vc_btn title=\u00bbDESCUBRE M\u00c1S\u00bb align=\u00bbcenter\u00bb css=\u00bb.vc_custom_1563885073466{margin-top: 0px !important;}\u00bb][\/vc_column][\/vc_row][vc_row full_width=\u00bbstretch_row_content_no_spaces\u00bb equal_height=\u00bbyes\u00bb content_placement=\u00bbmiddle\u00bb css_animation=\u00bbslideInUp\u00bb css=\u00bb.vc_custom_1559235948459{margin-top: 20px !important;background-color: #ffffff !important;}\u00bb el_class=\u00bbreverse-row\u00bb][vc_column css=\u00bb.vc_custom_1557743340810{padding-top: 0px !important;padding-bottom: 0px !important;}\u00bb offset=\u00bbvc_col-md-6&#8243;][vc_gmaps link=\u00bb#E-8_JTNDaWZyYW1lJTIwc3JjJTNEJTIyaHR0cHMlM0ElMkYlMkZ3d3cuZ29vZ2xlLmNvbSUyRm1hcHMlMkZlbWJlZCUzRnBiJTNEJTIxMW0xOCUyMTFtMTIlMjExbTMlMjExZDMwMTguMDg2ODAzMDM3NzIyMyUyMTJkMTQuMjUxOTI3OTUwNTU1MjM3JTIxM2Q0MC44NDgwMTc5NzkyMTU4MiUyMTJtMyUyMTFmMCUyMTJmMCUyMTNmMCUyMTNtMiUyMTFpMTAyNCUyMTJpNzY4JTIxNGYxMy4xJTIxM20zJTIxMW0yJTIxMXMweDEzM2IwODQzOTBhOTE4MDclMjUzQTB4ZGViMDBiODQ0NGNhNjEwNyUyMTJzUGFsYXp6byUyQkNhcmFmYSUyQmRlbGxhJTJCU3BpbmElMkJCJTI1MjZCJTJCZSUyQkNhc2UlMkJWYWNhbnphJTIxNWUwJTIxM20yJTIxMXNpdCUyMTJzaXQlMjE0djE1NTc1MTI5Mjg3NzUlMjE1bTIlMjExc2l0JTIxMnNpdCUyMiUyMHdpZHRoJTNEJTIyMTAwJTI1JTIyJTIwaGVpZ2h0JTNEJTIyNDAwJTIyJTIwZnJhbWVib3JkZXIlM0QlMjIwJTIyJTIwc3R5bGUlM0QlMjJib3JkZXIlM0EwJTIyJTIwYWxsb3dmdWxsc2NyZWVuJTNFJTNDJTJGaWZyYW1lJTNF\u00bb size=\u00bb400px\u00bb css=\u00bb.vc_custom_1557742865962{margin-bottom: 0px !important;}\u00bb][\/vc_column][vc_column css=\u00bb.vc_custom_1557743913117{padding-top: 40px !important;padding-right: 40px !important;padding-bottom: 40px !important;padding-left: 40px !important;}\u00bb offset=\u00bbvc_col-md-6&#8243;][vc_column_text]<\/p>\n<div class=\"block-text\">\n<h2>El Lugar<\/h2>\n<div class=\"subtitle\"><em>En el coraz\u00f3n de los Decumani en el centro de N\u00e1poles<\/em><\/div>\n<p>En el coraz\u00f3n del centro hist\u00f3rico, a poca distancia de lugares de inter\u00e9s como la <strong>Piazza San Domenico Maggiore<\/strong> y la <strong>Bas\u00edlica de Santa Chiara<\/strong>, este complejo de apartamentos goza de una buena ubicaci\u00f3n en la zona del centro de N\u00e1poles. <strong>La catedral de N\u00e1poles<\/strong> y la <strong>Piazza Bellini<\/strong> tambi\u00e9n est\u00e1n a menos de 10 minutos. La estaci\u00f3n de metro de Dante se encuentra a 8 minutos a pie, mientras que la estaci\u00f3n de Toledo est\u00e1 a 12 minutos. Estamos en Spaccanapoli, entre las dos plazas m\u00e1s bellas e importantes del panorama art\u00edstico y cultural de la ciudad antigua. Piazza del Ges\u00f9, con su magn\u00edfica iglesia que da nombre a la plaza y al Monasterio g\u00f3tico de Santa Chiara; Piazza San Domenico que, adem\u00e1s de su complejo monumental, tambi\u00e9n alberga eventos culturales, da la bienvenida a artistas, artistas y m\u00fasicos de todo el mundo que adoran actuar aqu\u00ed.<\/p>\n<\/div>\n<p>[\/vc_column_text][vc_btn title=\u00bbVER MAPA\u00bb align=\u00bbleft\u00bb css=\u00bb.vc_custom_1563885287063{margin-top: 0px !important;}\u00bb link=\u00bburl:https%3A%2F%2Fwww.google.com%2Fmaps%2Fplace%2FPalazzo%2BCarafa%2Bdella%2BSpina%2BB%2526B%2Be%2BCase%2BVacanza%2F%4040.848018%2C14.254122%2C16z%2Fdata%3D!4m5!3m4!1s0x0%3A0xdeb00b8444ca6107!8m2!3d40.848018!4d14.254122%3Fhl%3Dit||target:%20_blank|rel:nofollow\u00bb][\/vc_column][\/vc_row]<\/p>\n","protected":false},"excerpt":{"rendered":"<p>[vc_row full_width=\u00bbstretch_row_content\u00bb equal_height=\u00bbyes\u00bb content_placement=\u00bbmiddle\u00bb css_animation=\u00bbslideInUp\u00bb css=\u00bb.vc_custom_1559235774893{margin-top: 0px !important;margin-bottom: 0px !important;background-color: #ffffff !important;}\u00bb el_id=\u00bbprima-riga\u00bb][vc_column offset=\u00bbvc_col-lg-offset-1\/5 vc_col-lg-1\/5 vc_col-xs-12&#8243; css=\u00bb.vc_custom_1559234881929{margin-top: 0px !important;margin-bottom: 0px !important;padding-top: 0px !important;padding-right: 40px !important;padding-bottom: 0px !important;padding-left: 40px !important;}\u00bb][vc_column_text css=\u00bb.vc_custom_1563883292695{margin-top: 0px !important;padding-top: 0px !important;}\u00bb]NAPOLES, CENTRO HIST\u00d3RICO B&amp;B Palazzo Carafa della Spina. Tus preciosos recuerdos. [\/vc_column_text][\/vc_column][vc_column offset=\u00bbvc_col-lg-1\/5 vc_col-xs-12&#8243; css=\u00bb.vc_custom_1559234095795{margin-top: 0px !important;margin-bottom: 0px !important;padding-top: 0px !important;padding-right: 40px&hellip;<\/p>\n","protected":false},"author":1,"featured_media":0,"parent":0,"menu_order":0,"comment_status":"closed","ping_status":"closed","template":"","meta":{"footnotes":""},"class_list":["post-1924","page","type-page","status-publish","hentry","description-off"],"yoast_head":"<!-- This site is optimized with the Yoast SEO plugin v27.0 - https:\/\/yoast.com\/product\/yoast-seo-wordpress\/ -->\n<title>Palazzo Carafa della Spina - Bed and Breakfast - Napoli<\/title>\n<meta name=\"description\" content=\"Il Bed and Breakfast all&#039;interno del famoso Palazzo Carafa della Spina, un edificio del &#039;500 dal grande valore storico e culturale nel cuore di Napoli.\" \/>\n<meta name=\"robots\" content=\"index, follow, max-snippet:-1, max-image-preview:large, max-video-preview:-1\" \/>\n<link rel=\"canonical\" href=\"https:\/\/palazzocarafadellaspina.it\/es\/\" \/>\n<meta property=\"og:locale\" content=\"es_ES\" \/>\n<meta property=\"og:type\" content=\"article\" \/>\n<meta property=\"og:title\" content=\"Palazzo Carafa della Spina - Bed and Breakfast - Napoli\" \/>\n<meta property=\"og:description\" content=\"Il Bed and Breakfast all&#039;interno del famoso Palazzo Carafa della Spina, un edificio del &#039;500 dal grande valore storico e culturale nel cuore di Napoli.\" \/>\n<meta property=\"og:url\" content=\"https:\/\/palazzocarafadellaspina.it\/es\/\" \/>\n<meta property=\"og:site_name\" content=\"Palazzo Carafa Della Spina\" \/>\n<meta property=\"article:modified_time\" content=\"2019-07-30T16:28:35+00:00\" \/>\n<meta name=\"twitter:card\" content=\"summary_large_image\" \/>\n<meta name=\"twitter:label1\" content=\"Tiempo de lectura\" \/>\n\t<meta name=\"twitter:data1\" content=\"10 minutos\" \/>\n<script type=\"application\/ld+json\" class=\"yoast-schema-graph\">{\"@context\":\"https:\/\/schema.org\",\"@graph\":[{\"@type\":\"WebPage\",\"@id\":\"https:\/\/palazzocarafadellaspina.it\/es\/\",\"url\":\"https:\/\/palazzocarafadellaspina.it\/es\/\",\"name\":\"Palazzo Carafa della Spina - Bed and Breakfast - Napoli\",\"isPartOf\":{\"@id\":\"https:\/\/palazzocarafadellaspina.it\/es\/#website\"},\"datePublished\":\"2019-05-09T09:39:21+00:00\",\"dateModified\":\"2019-07-30T16:28:35+00:00\",\"description\":\"Il Bed and Breakfast all'interno del famoso Palazzo Carafa della Spina, un edificio del '500 dal grande valore storico e culturale nel cuore di Napoli.\",\"breadcrumb\":{\"@id\":\"https:\/\/palazzocarafadellaspina.it\/es\/#breadcrumb\"},\"inLanguage\":\"es\",\"potentialAction\":[{\"@type\":\"ReadAction\",\"target\":[\"https:\/\/palazzocarafadellaspina.it\/es\/\"]}]},{\"@type\":\"BreadcrumbList\",\"@id\":\"https:\/\/palazzocarafadellaspina.it\/es\/#breadcrumb\",\"itemListElement\":[{\"@type\":\"ListItem\",\"position\":1,\"name\":\"Home\",\"item\":\"https:\/\/palazzocarafadellaspina.it\/es\/\"},{\"@type\":\"ListItem\",\"position\":2,\"name\":\"home\"}]},{\"@type\":\"WebSite\",\"@id\":\"https:\/\/palazzocarafadellaspina.it\/es\/#website\",\"url\":\"https:\/\/palazzocarafadellaspina.it\/es\/\",\"name\":\"Palazzo Carafa Della Spina\",\"description\":\"Palazzo Carafa della Spina. I tuoi ricordi preziosi.\",\"publisher\":{\"@id\":\"https:\/\/palazzocarafadellaspina.it\/es\/#organization\"},\"potentialAction\":[{\"@type\":\"SearchAction\",\"target\":{\"@type\":\"EntryPoint\",\"urlTemplate\":\"https:\/\/palazzocarafadellaspina.it\/es\/?s={search_term_string}\"},\"query-input\":{\"@type\":\"PropertyValueSpecification\",\"valueRequired\":true,\"valueName\":\"search_term_string\"}}],\"inLanguage\":\"es\"},{\"@type\":\"Organization\",\"@id\":\"https:\/\/palazzocarafadellaspina.it\/es\/#organization\",\"name\":\"Palazzo Carafa della Spina\",\"url\":\"https:\/\/palazzocarafadellaspina.it\/es\/\",\"logo\":{\"@type\":\"ImageObject\",\"inLanguage\":\"es\",\"@id\":\"https:\/\/palazzocarafadellaspina.it\/es\/#\/schema\/logo\/image\/\",\"url\":\"https:\/\/palazzocarafadellaspina.it\/wp-content\/uploads\/2019\/05\/logo-88-scuro.png\",\"contentUrl\":\"https:\/\/palazzocarafadellaspina.it\/wp-content\/uploads\/2019\/05\/logo-88-scuro.png\",\"width\":88,\"height\":88,\"caption\":\"Palazzo Carafa della Spina\"},\"image\":{\"@id\":\"https:\/\/palazzocarafadellaspina.it\/es\/#\/schema\/logo\/image\/\"}}]}<\/script>\n<!-- \/ Yoast SEO plugin. -->","yoast_head_json":{"title":"Palazzo Carafa della Spina - Bed and Breakfast - Napoli","description":"Il Bed and Breakfast all'interno del famoso Palazzo Carafa della Spina, un edificio del '500 dal grande valore storico e culturale nel cuore di Napoli.","robots":{"index":"index","follow":"follow","max-snippet":"max-snippet:-1","max-image-preview":"max-image-preview:large","max-video-preview":"max-video-preview:-1"},"canonical":"https:\/\/palazzocarafadellaspina.it\/es\/","og_locale":"es_ES","og_type":"article","og_title":"Palazzo Carafa della Spina - Bed and Breakfast - Napoli","og_description":"Il Bed and Breakfast all'interno del famoso Palazzo Carafa della Spina, un edificio del '500 dal grande valore storico e culturale nel cuore di Napoli.","og_url":"https:\/\/palazzocarafadellaspina.it\/es\/","og_site_name":"Palazzo Carafa Della Spina","article_modified_time":"2019-07-30T16:28:35+00:00","twitter_card":"summary_large_image","twitter_misc":{"Tiempo de lectura":"10 minutos"},"schema":{"@context":"https:\/\/schema.org","@graph":[{"@type":"WebPage","@id":"https:\/\/palazzocarafadellaspina.it\/es\/","url":"https:\/\/palazzocarafadellaspina.it\/es\/","name":"Palazzo Carafa della Spina - Bed and Breakfast - Napoli","isPartOf":{"@id":"https:\/\/palazzocarafadellaspina.it\/es\/#website"},"datePublished":"2019-05-09T09:39:21+00:00","dateModified":"2019-07-30T16:28:35+00:00","description":"Il Bed and Breakfast all'interno del famoso Palazzo Carafa della Spina, un edificio del '500 dal grande valore storico e culturale nel cuore di Napoli.","breadcrumb":{"@id":"https:\/\/palazzocarafadellaspina.it\/es\/#breadcrumb"},"inLanguage":"es","potentialAction":[{"@type":"ReadAction","target":["https:\/\/palazzocarafadellaspina.it\/es\/"]}]},{"@type":"BreadcrumbList","@id":"https:\/\/palazzocarafadellaspina.it\/es\/#breadcrumb","itemListElement":[{"@type":"ListItem","position":1,"name":"Home","item":"https:\/\/palazzocarafadellaspina.it\/es\/"},{"@type":"ListItem","position":2,"name":"home"}]},{"@type":"WebSite","@id":"https:\/\/palazzocarafadellaspina.it\/es\/#website","url":"https:\/\/palazzocarafadellaspina.it\/es\/","name":"Palazzo Carafa Della Spina","description":"Palazzo Carafa della Spina. I tuoi ricordi preziosi.","publisher":{"@id":"https:\/\/palazzocarafadellaspina.it\/es\/#organization"},"potentialAction":[{"@type":"SearchAction","target":{"@type":"EntryPoint","urlTemplate":"https:\/\/palazzocarafadellaspina.it\/es\/?s={search_term_string}"},"query-input":{"@type":"PropertyValueSpecification","valueRequired":true,"valueName":"search_term_string"}}],"inLanguage":"es"},{"@type":"Organization","@id":"https:\/\/palazzocarafadellaspina.it\/es\/#organization","name":"Palazzo Carafa della Spina","url":"https:\/\/palazzocarafadellaspina.it\/es\/","logo":{"@type":"ImageObject","inLanguage":"es","@id":"https:\/\/palazzocarafadellaspina.it\/es\/#\/schema\/logo\/image\/","url":"https:\/\/palazzocarafadellaspina.it\/wp-content\/uploads\/2019\/05\/logo-88-scuro.png","contentUrl":"https:\/\/palazzocarafadellaspina.it\/wp-content\/uploads\/2019\/05\/logo-88-scuro.png","width":88,"height":88,"caption":"Palazzo Carafa della Spina"},"image":{"@id":"https:\/\/palazzocarafadellaspina.it\/es\/#\/schema\/logo\/image\/"}}]}},"_links":{"self":[{"href":"https:\/\/palazzocarafadellaspina.it\/es\/wp-json\/wp\/v2\/pages\/1924","targetHints":{"allow":["GET"]}}],"collection":[{"href":"https:\/\/palazzocarafadellaspina.it\/es\/wp-json\/wp\/v2\/pages"}],"about":[{"href":"https:\/\/palazzocarafadellaspina.it\/es\/wp-json\/wp\/v2\/types\/page"}],"author":[{"embeddable":true,"href":"https:\/\/palazzocarafadellaspina.it\/es\/wp-json\/wp\/v2\/users\/1"}],"replies":[{"embeddable":true,"href":"https:\/\/palazzocarafadellaspina.it\/es\/wp-json\/wp\/v2\/comments?post=1924"}],"version-history":[{"count":5,"href":"https:\/\/palazzocarafadellaspina.it\/es\/wp-json\/wp\/v2\/pages\/1924\/revisions"}],"predecessor-version":[{"id":2239,"href":"https:\/\/palazzocarafadellaspina.it\/es\/wp-json\/wp\/v2\/pages\/1924\/revisions\/2239"}],"wp:attachment":[{"href":"https:\/\/palazzocarafadellaspina.it\/es\/wp-json\/wp\/v2\/media?parent=1924"}],"curies":[{"name":"wp","href":"https:\/\/api.w.org\/{rel}","templated":true}]}}