{"id":1968,"date":"2019-05-14T13:14:42","date_gmt":"2019-05-14T11:14:42","guid":{"rendered":"https:\/\/palazzocarafadellaspina.it\/appartamenti\/"},"modified":"2019-07-23T19:07:22","modified_gmt":"2019-07-23T17:07:22","slug":"apartamentos","status":"publish","type":"page","link":"https:\/\/palazzocarafadellaspina.it\/es\/apartamentos\/","title":{"rendered":"Apartamentos"},"content":{"rendered":"<p>[vc_row][vc_column][vc_column_text]<\/p>\n<h1 style=\"text-align: center;\">APARTAMENTOS PALAZZO CARAFA DELLA SPINA<\/h1>\n<p style=\"text-align: center;\">Nuestra estructura tiene tres apartamentos que funcionan en dos niveles, con dos dormitorios y dos ba\u00f1os. Pueden alojar hasta un m\u00e1ximo de cinco personas.<\/p>\n<div style=\"text-align: center;\">Cada ba\u00f1o est\u00e1 equipado con ducha, bidet, inodoro y lavabo; y est\u00e1n equipadas con champ\u00fa de ducha spa, jab\u00f3n de manos, afeitado, tel\u00e9fono de cortes\u00eda y zapatillas. Incluido encontrar\u00e1s nuestras toallas; con kit de ba\u00f1o doble para estancias de m\u00e1s de tres noches.<\/div>\n<div style=\"text-align: center;\">El mismo est\u00e1 equipado con una cocina con una capacidad de habitabilidad modesta y, para todos los efectos, est\u00e1 equipado con refrigerador, estufa, horno, tostadora, microondas, hervidor, ollas y sartenes, plancha , tr\u00edpode, etc.<\/div>\n<div style=\"text-align: center;\">Por \u00faltimo, pero no menos importante, los apartamentos tambi\u00e9n cuentan con caja fuerte y aire acondicionado.<\/div>\n<div style=\"text-align: center;\">Las habitaciones est\u00e1n equipadas con reposo para maletas, armarios para espacios abiertos, c\u00f3moda y mesas de noche. Los televisores est\u00e1n presentes en el alojamiento por la noche, as\u00ed como en la cocina.<\/div>\n<div style=\"text-align: center;\">\n<p>Adem\u00e1s, para aquellos que viven en Italia en lugar de en Europa, al pasar de una parada a otra en N\u00e1poles, existe la posibilidad de lavar y secar la ropa y la ropa interior.<\/p>\n<\/div>\n<p>[\/vc_column_text][\/vc_column][\/vc_row][vc_row gap=\u00bb35&#8243; equal_height=\u00bbyes\u00bb el_id=\u00bbrow-stanze\u00bb][vc_column width=\u00bb1\/3&#8243; css=\u00bb.vc_custom_1558106699226{margin-top: 20px !important;margin-right: 0px !important;margin-bottom: 0px !important;margin-left: 0px !important;padding-top: 10px !important;padding-right: 10px !important;padding-bottom: 10px !important;padding-left: 10px !important;background-color: #ffffff !important;}\u00bb][vc_column_text css=\u00bb.vc_custom_1563901123780{margin-top: 0px !important;}\u00bb]<\/p>\n<div class=\"scheda-camere\">\n<div class=\"img-camere\"><a title=\"Apartamento Candida\" href=\"https:\/\/palazzocarafadellaspina.it\/es\/apartamentos\/apartamento-candida\/\"><img decoding=\"async\" class=\"alignnone wp-image-827 \" src=\"https:\/\/palazzocarafadellaspina.it\/wp-content\/uploads\/2019\/07\/027_PalazzoCarafa_Appart_2-copia-300x200.jpg\" alt=\"Apartamento Candida\" width=\"100%\" height=\"100%\" srcset=\"https:\/\/palazzocarafadellaspina.it\/wp-content\/uploads\/2019\/07\/027_PalazzoCarafa_Appart_2-copia-300x200.jpg 300w, https:\/\/palazzocarafadellaspina.it\/wp-content\/uploads\/2019\/07\/027_PalazzoCarafa_Appart_2-copia-768x512.jpg 768w, https:\/\/palazzocarafadellaspina.it\/wp-content\/uploads\/2019\/07\/027_PalazzoCarafa_Appart_2-copia-1024x683.jpg 1024w, https:\/\/palazzocarafadellaspina.it\/wp-content\/uploads\/2019\/07\/027_PalazzoCarafa_Appart_2-copia-600x400.jpg 600w, https:\/\/palazzocarafadellaspina.it\/wp-content\/uploads\/2019\/07\/027_PalazzoCarafa_Appart_2-copia.jpg 1240w\" sizes=\"(max-width: 300px) 100vw, 300px\" \/><\/a><\/div>\n<div class=\"icone-camere\"><i class=\"fas fa-male\"><\/i> <i class=\"fas fa-female\"><\/i> 5 | <i class=\"fas fa-bed\"><\/i> 4 | 90 mc<\/div>\n<hr class=\"hr-camere\" \/>\n<div class=\"testo-camere\">\n<h3><a title=\"Apartamento Candida\" href=\"https:\/\/palazzocarafadellaspina.it\/es\/apartamentos\/apartamento-candida\/\"><strong>Apartamento Candida<\/strong><\/a><\/h3>\n<p>El apartamento est\u00e1 en dos niveles. El primer nivel tiene una cocina con todos los utensilios disponibles para los hu\u00e9spedes, un dormitorio con dos camas y un ba\u00f1o y una lavadora. El segundo nivel consta de un dormitorio con tres camas y un ba\u00f1o. El apartamento est\u00e1 equipado con ropa de cama, zapatillas, caja fuerte, reposo en la maleta, almohadas adicionales, botellas de agua, set de afeitado y ducha de champ\u00fa <a title=\"Apartamento Candida\" href=\"https:\/\/palazzocarafadellaspina.it\/es\/apartamentos\/apartamento-candida\/\">Descubre m\u00e1s<\/a><\/p>\n<\/div>\n<\/div>\n<p>[\/vc_column_text][\/vc_column][vc_column width=\u00bb1\/3&#8243; css=\u00bb.vc_custom_1558106749339{margin-top: 20px !important;margin-right: 0px !important;margin-bottom: 0px !important;margin-left: 0px !important;padding-top: 10px !important;padding-right: 10px !important;padding-bottom: 10px !important;padding-left: 10px !important;background-color: #ffffff !important;}\u00bb][vc_column_text]<\/p>\n<div class=\"scheda-camere\">\n<div class=\"img-camere\"><a title=\"Apartamento Maria\" href=\"https:\/\/palazzocarafadellaspina.it\/es\/apartamentos\/apartamento-maria\/\"><img decoding=\"async\" class=\"alignnone wp-image-806 \" src=\"https:\/\/palazzocarafadellaspina.it\/wp-content\/uploads\/2019\/07\/073_PalazzoCarafa_Appart_1-copia-300x200.jpg\" alt=\"Apartamento Maria\" width=\"100%\" height=\"100%\" srcset=\"https:\/\/palazzocarafadellaspina.it\/wp-content\/uploads\/2019\/07\/073_PalazzoCarafa_Appart_1-copia-300x200.jpg 300w, https:\/\/palazzocarafadellaspina.it\/wp-content\/uploads\/2019\/07\/073_PalazzoCarafa_Appart_1-copia-768x512.jpg 768w, https:\/\/palazzocarafadellaspina.it\/wp-content\/uploads\/2019\/07\/073_PalazzoCarafa_Appart_1-copia-1024x683.jpg 1024w, https:\/\/palazzocarafadellaspina.it\/wp-content\/uploads\/2019\/07\/073_PalazzoCarafa_Appart_1-copia-600x400.jpg 600w, https:\/\/palazzocarafadellaspina.it\/wp-content\/uploads\/2019\/07\/073_PalazzoCarafa_Appart_1-copia.jpg 1240w\" sizes=\"(max-width: 300px) 100vw, 300px\" \/><\/a><\/div>\n<div class=\"icone-camere\"><i class=\"fas fa-male\"><\/i> <i class=\"fas fa-female\"><\/i> 5 | <i class=\"fas fa-bed\"><\/i> 4 | 90 mc<\/div>\n<hr class=\"hr-camere\" \/>\n<div class=\"testo-camere\">\n<h3><a title=\"Apartamento Maria\" href=\"https:\/\/palazzocarafadellaspina.it\/es\/apartamentos\/apartamento-maria\/\"><strong>Apartamento Maria<\/strong><\/a><\/h3>\n<p>El apartamento se desarrolla en dos niveles. El primer nivel consta de cocina con mesa y utensilios disponibles para los hu\u00e9spedes, lavadora, ba\u00f1o y dormitorio doble con dos camas. El segundo nivel tiene tres camas y un ba\u00f1o. <a title=\"Apartamento Maria\" href=\"https:\/\/palazzocarafadellaspina.it\/es\/apartamentos\/apartamento-maria\/\">Descubre m\u00e1s<\/a><\/p>\n<\/div>\n<\/div>\n<p>[\/vc_column_text][\/vc_column][vc_column width=\u00bb1\/3&#8243; css=\u00bb.vc_custom_1558106790691{margin-top: 20px !important;margin-right: 0px !important;margin-bottom: 0px !important;margin-left: 0px !important;padding-top: 10px !important;padding-right: 10px !important;padding-bottom: 10px !important;padding-left: 10px !important;background-color: #ffffff !important;}\u00bb][vc_column_text]<\/p>\n<div class=\"scheda-camere\">\n<div class=\"img-camere\"><a title=\"Maison de Charme\" href=\"https:\/\/palazzocarafadellaspina.it\/es\/apartamentos\/maison-de-charme\/\"><img decoding=\"async\" class=\"alignnone wp-image-879 \" src=\"https:\/\/palazzocarafadellaspina.it\/wp-content\/uploads\/2019\/07\/031_PalazzoCarafa_Appart_3-300x200.jpg\" alt=\"Maison de Charme\" width=\"100%\" height=\"100%\" srcset=\"https:\/\/palazzocarafadellaspina.it\/wp-content\/uploads\/2019\/07\/031_PalazzoCarafa_Appart_3-300x200.jpg 300w, https:\/\/palazzocarafadellaspina.it\/wp-content\/uploads\/2019\/07\/031_PalazzoCarafa_Appart_3-768x512.jpg 768w, https:\/\/palazzocarafadellaspina.it\/wp-content\/uploads\/2019\/07\/031_PalazzoCarafa_Appart_3-1024x683.jpg 1024w, https:\/\/palazzocarafadellaspina.it\/wp-content\/uploads\/2019\/07\/031_PalazzoCarafa_Appart_3-600x400.jpg 600w, https:\/\/palazzocarafadellaspina.it\/wp-content\/uploads\/2019\/07\/031_PalazzoCarafa_Appart_3.jpg 1240w\" sizes=\"(max-width: 300px) 100vw, 300px\" \/><\/a><\/div>\n<div class=\"icone-camere\"><i class=\"fas fa-male\"><\/i><i class=\"fas fa-female\"><\/i> 5 | <i class=\"fas fa-bed\"><\/i> 4 | 100 mc<\/div>\n<hr class=\"hr-camere\" \/>\n<div class=\"testo-camere\">\n<h3><a title=\"Maison de Charme\" href=\"https:\/\/palazzocarafadellaspina.it\/es\/apartamentos\/maison-de-charme\/\"><strong>Maison de Charme<\/strong><\/a><\/h3>\n<p>El apartamento Maison de Charme se desarrolla en dos niveles. El primer nivel tiene un espacio abierto con mesa de comedor, TV y sof\u00e1 cama doble, una cocina con todos los utensilios disponibles para los hu\u00e9spedes y un ba\u00f1o. En el segundo nivel encontramos una habitaci\u00f3n con dos camas con un ba\u00f1o externo y una habitaci\u00f3n con tres \/ cuatro camas y un ba\u00f1o con lavadora <a title=\"Maison de Charme\" href=\"https:\/\/palazzocarafadellaspina.it\/es\/apartamentos\/maison-de-charme\/\">Descubre m\u00e1s<\/a><\/p>\n<\/div>\n<\/div>\n<p>[\/vc_column_text][\/vc_column][\/vc_row][vc_row][vc_column][vc_column_text]<\/p>\n<p>[\/vc_column_text][\/vc_column][\/vc_row]<\/p>\n","protected":false},"excerpt":{"rendered":"<p>[vc_row][vc_column][vc_column_text] APARTAMENTOS PALAZZO CARAFA DELLA SPINA Nuestra estructura tiene tres apartamentos que funcionan en dos niveles, con dos dormitorios y dos ba\u00f1os. Pueden alojar hasta un m\u00e1ximo de cinco personas. Cada ba\u00f1o est\u00e1 equipado con ducha, bidet, inodoro y lavabo; y est\u00e1n equipadas con champ\u00fa de ducha spa, jab\u00f3n de manos, afeitado, tel\u00e9fono de cortes\u00eda&hellip;<\/p>\n","protected":false},"author":1,"featured_media":0,"parent":0,"menu_order":0,"comment_status":"closed","ping_status":"closed","template":"","meta":{"footnotes":""},"class_list":["post-1968","page","type-page","status-publish","hentry","description-off"],"yoast_head":"<!-- This site is optimized with the Yoast SEO plugin v27.0 - https:\/\/yoast.com\/product\/yoast-seo-wordpress\/ -->\n<title>Apartamentos - Palazzo Carafa Della Spina<\/title>\n<meta name=\"robots\" content=\"index, follow, max-snippet:-1, max-image-preview:large, max-video-preview:-1\" \/>\n<link rel=\"canonical\" href=\"https:\/\/palazzocarafadellaspina.it\/es\/apartamentos\/\" \/>\n<meta property=\"og:locale\" content=\"es_ES\" \/>\n<meta property=\"og:type\" content=\"article\" \/>\n<meta property=\"og:title\" content=\"Apartamentos - Palazzo Carafa Della Spina\" \/>\n<meta property=\"og:description\" content=\"[vc_row][vc_column][vc_column_text] APARTAMENTOS PALAZZO CARAFA DELLA SPINA Nuestra estructura tiene tres apartamentos que funcionan en dos niveles, con dos dormitorios y dos ba\u00f1os. Pueden alojar hasta un m\u00e1ximo de cinco personas. Cada ba\u00f1o est\u00e1 equipado con ducha, bidet, inodoro y lavabo; y est\u00e1n equipadas con champ\u00fa de ducha spa, jab\u00f3n de manos, afeitado, tel\u00e9fono de cortes\u00eda&hellip;\" \/>\n<meta property=\"og:url\" content=\"https:\/\/palazzocarafadellaspina.it\/es\/apartamentos\/\" \/>\n<meta property=\"og:site_name\" content=\"Palazzo Carafa Della Spina\" \/>\n<meta property=\"article:modified_time\" content=\"2019-07-23T17:07:22+00:00\" \/>\n<meta property=\"og:image\" content=\"https:\/\/palazzocarafadellaspina.it\/wp-content\/uploads\/2019\/07\/027_PalazzoCarafa_Appart_2-copia-300x200.jpg\" \/>\n<meta name=\"twitter:card\" content=\"summary_large_image\" \/>\n<meta name=\"twitter:label1\" content=\"Tiempo de lectura\" \/>\n\t<meta name=\"twitter:data1\" content=\"3 minutos\" \/>\n<script type=\"application\/ld+json\" class=\"yoast-schema-graph\">{\"@context\":\"https:\/\/schema.org\",\"@graph\":[{\"@type\":\"WebPage\",\"@id\":\"https:\/\/palazzocarafadellaspina.it\/es\/apartamentos\/\",\"url\":\"https:\/\/palazzocarafadellaspina.it\/es\/apartamentos\/\",\"name\":\"Apartamentos - Palazzo Carafa Della Spina\",\"isPartOf\":{\"@id\":\"https:\/\/palazzocarafadellaspina.it\/es\/#website\"},\"primaryImageOfPage\":{\"@id\":\"https:\/\/palazzocarafadellaspina.it\/es\/apartamentos\/#primaryimage\"},\"image\":{\"@id\":\"https:\/\/palazzocarafadellaspina.it\/es\/apartamentos\/#primaryimage\"},\"thumbnailUrl\":\"https:\/\/palazzocarafadellaspina.it\/wp-content\/uploads\/2019\/07\/027_PalazzoCarafa_Appart_2-copia-300x200.jpg\",\"datePublished\":\"2019-05-14T11:14:42+00:00\",\"dateModified\":\"2019-07-23T17:07:22+00:00\",\"breadcrumb\":{\"@id\":\"https:\/\/palazzocarafadellaspina.it\/es\/apartamentos\/#breadcrumb\"},\"inLanguage\":\"es\",\"potentialAction\":[{\"@type\":\"ReadAction\",\"target\":[\"https:\/\/palazzocarafadellaspina.it\/es\/apartamentos\/\"]}]},{\"@type\":\"ImageObject\",\"inLanguage\":\"es\",\"@id\":\"https:\/\/palazzocarafadellaspina.it\/es\/apartamentos\/#primaryimage\",\"url\":\"https:\/\/palazzocarafadellaspina.it\/wp-content\/uploads\/2019\/07\/027_PalazzoCarafa_Appart_2-copia-300x200.jpg\",\"contentUrl\":\"https:\/\/palazzocarafadellaspina.it\/wp-content\/uploads\/2019\/07\/027_PalazzoCarafa_Appart_2-copia-300x200.jpg\"},{\"@type\":\"BreadcrumbList\",\"@id\":\"https:\/\/palazzocarafadellaspina.it\/es\/apartamentos\/#breadcrumb\",\"itemListElement\":[{\"@type\":\"ListItem\",\"position\":1,\"name\":\"Home\",\"item\":\"https:\/\/palazzocarafadellaspina.it\/es\/\"},{\"@type\":\"ListItem\",\"position\":2,\"name\":\"Apartamentos\"}]},{\"@type\":\"WebSite\",\"@id\":\"https:\/\/palazzocarafadellaspina.it\/es\/#website\",\"url\":\"https:\/\/palazzocarafadellaspina.it\/es\/\",\"name\":\"Palazzo Carafa Della Spina\",\"description\":\"Palazzo Carafa della Spina. I tuoi ricordi preziosi.\",\"publisher\":{\"@id\":\"https:\/\/palazzocarafadellaspina.it\/es\/#organization\"},\"potentialAction\":[{\"@type\":\"SearchAction\",\"target\":{\"@type\":\"EntryPoint\",\"urlTemplate\":\"https:\/\/palazzocarafadellaspina.it\/es\/?s={search_term_string}\"},\"query-input\":{\"@type\":\"PropertyValueSpecification\",\"valueRequired\":true,\"valueName\":\"search_term_string\"}}],\"inLanguage\":\"es\"},{\"@type\":\"Organization\",\"@id\":\"https:\/\/palazzocarafadellaspina.it\/es\/#organization\",\"name\":\"Palazzo Carafa della Spina\",\"url\":\"https:\/\/palazzocarafadellaspina.it\/es\/\",\"logo\":{\"@type\":\"ImageObject\",\"inLanguage\":\"es\",\"@id\":\"https:\/\/palazzocarafadellaspina.it\/es\/#\/schema\/logo\/image\/\",\"url\":\"https:\/\/palazzocarafadellaspina.it\/wp-content\/uploads\/2019\/05\/logo-88-scuro.png\",\"contentUrl\":\"https:\/\/palazzocarafadellaspina.it\/wp-content\/uploads\/2019\/05\/logo-88-scuro.png\",\"width\":88,\"height\":88,\"caption\":\"Palazzo Carafa della Spina\"},\"image\":{\"@id\":\"https:\/\/palazzocarafadellaspina.it\/es\/#\/schema\/logo\/image\/\"}}]}<\/script>\n<!-- \/ Yoast SEO plugin. -->","yoast_head_json":{"title":"Apartamentos - Palazzo Carafa Della Spina","robots":{"index":"index","follow":"follow","max-snippet":"max-snippet:-1","max-image-preview":"max-image-preview:large","max-video-preview":"max-video-preview:-1"},"canonical":"https:\/\/palazzocarafadellaspina.it\/es\/apartamentos\/","og_locale":"es_ES","og_type":"article","og_title":"Apartamentos - Palazzo Carafa Della Spina","og_description":"[vc_row][vc_column][vc_column_text] APARTAMENTOS PALAZZO CARAFA DELLA SPINA Nuestra estructura tiene tres apartamentos que funcionan en dos niveles, con dos dormitorios y dos ba\u00f1os. Pueden alojar hasta un m\u00e1ximo de cinco personas. Cada ba\u00f1o est\u00e1 equipado con ducha, bidet, inodoro y lavabo; y est\u00e1n equipadas con champ\u00fa de ducha spa, jab\u00f3n de manos, afeitado, tel\u00e9fono de cortes\u00eda&hellip;","og_url":"https:\/\/palazzocarafadellaspina.it\/es\/apartamentos\/","og_site_name":"Palazzo Carafa Della Spina","article_modified_time":"2019-07-23T17:07:22+00:00","og_image":[{"url":"https:\/\/palazzocarafadellaspina.it\/wp-content\/uploads\/2019\/07\/027_PalazzoCarafa_Appart_2-copia-300x200.jpg","type":"","width":"","height":""}],"twitter_card":"summary_large_image","twitter_misc":{"Tiempo de lectura":"3 minutos"},"schema":{"@context":"https:\/\/schema.org","@graph":[{"@type":"WebPage","@id":"https:\/\/palazzocarafadellaspina.it\/es\/apartamentos\/","url":"https:\/\/palazzocarafadellaspina.it\/es\/apartamentos\/","name":"Apartamentos - Palazzo Carafa Della Spina","isPartOf":{"@id":"https:\/\/palazzocarafadellaspina.it\/es\/#website"},"primaryImageOfPage":{"@id":"https:\/\/palazzocarafadellaspina.it\/es\/apartamentos\/#primaryimage"},"image":{"@id":"https:\/\/palazzocarafadellaspina.it\/es\/apartamentos\/#primaryimage"},"thumbnailUrl":"https:\/\/palazzocarafadellaspina.it\/wp-content\/uploads\/2019\/07\/027_PalazzoCarafa_Appart_2-copia-300x200.jpg","datePublished":"2019-05-14T11:14:42+00:00","dateModified":"2019-07-23T17:07:22+00:00","breadcrumb":{"@id":"https:\/\/palazzocarafadellaspina.it\/es\/apartamentos\/#breadcrumb"},"inLanguage":"es","potentialAction":[{"@type":"ReadAction","target":["https:\/\/palazzocarafadellaspina.it\/es\/apartamentos\/"]}]},{"@type":"ImageObject","inLanguage":"es","@id":"https:\/\/palazzocarafadellaspina.it\/es\/apartamentos\/#primaryimage","url":"https:\/\/palazzocarafadellaspina.it\/wp-content\/uploads\/2019\/07\/027_PalazzoCarafa_Appart_2-copia-300x200.jpg","contentUrl":"https:\/\/palazzocarafadellaspina.it\/wp-content\/uploads\/2019\/07\/027_PalazzoCarafa_Appart_2-copia-300x200.jpg"},{"@type":"BreadcrumbList","@id":"https:\/\/palazzocarafadellaspina.it\/es\/apartamentos\/#breadcrumb","itemListElement":[{"@type":"ListItem","position":1,"name":"Home","item":"https:\/\/palazzocarafadellaspina.it\/es\/"},{"@type":"ListItem","position":2,"name":"Apartamentos"}]},{"@type":"WebSite","@id":"https:\/\/palazzocarafadellaspina.it\/es\/#website","url":"https:\/\/palazzocarafadellaspina.it\/es\/","name":"Palazzo Carafa Della Spina","description":"Palazzo Carafa della Spina. I tuoi ricordi preziosi.","publisher":{"@id":"https:\/\/palazzocarafadellaspina.it\/es\/#organization"},"potentialAction":[{"@type":"SearchAction","target":{"@type":"EntryPoint","urlTemplate":"https:\/\/palazzocarafadellaspina.it\/es\/?s={search_term_string}"},"query-input":{"@type":"PropertyValueSpecification","valueRequired":true,"valueName":"search_term_string"}}],"inLanguage":"es"},{"@type":"Organization","@id":"https:\/\/palazzocarafadellaspina.it\/es\/#organization","name":"Palazzo Carafa della Spina","url":"https:\/\/palazzocarafadellaspina.it\/es\/","logo":{"@type":"ImageObject","inLanguage":"es","@id":"https:\/\/palazzocarafadellaspina.it\/es\/#\/schema\/logo\/image\/","url":"https:\/\/palazzocarafadellaspina.it\/wp-content\/uploads\/2019\/05\/logo-88-scuro.png","contentUrl":"https:\/\/palazzocarafadellaspina.it\/wp-content\/uploads\/2019\/05\/logo-88-scuro.png","width":88,"height":88,"caption":"Palazzo Carafa della Spina"},"image":{"@id":"https:\/\/palazzocarafadellaspina.it\/es\/#\/schema\/logo\/image\/"}}]}},"_links":{"self":[{"href":"https:\/\/palazzocarafadellaspina.it\/es\/wp-json\/wp\/v2\/pages\/1968","targetHints":{"allow":["GET"]}}],"collection":[{"href":"https:\/\/palazzocarafadellaspina.it\/es\/wp-json\/wp\/v2\/pages"}],"about":[{"href":"https:\/\/palazzocarafadellaspina.it\/es\/wp-json\/wp\/v2\/types\/page"}],"author":[{"embeddable":true,"href":"https:\/\/palazzocarafadellaspina.it\/es\/wp-json\/wp\/v2\/users\/1"}],"replies":[{"embeddable":true,"href":"https:\/\/palazzocarafadellaspina.it\/es\/wp-json\/wp\/v2\/comments?post=1968"}],"version-history":[{"count":4,"href":"https:\/\/palazzocarafadellaspina.it\/es\/wp-json\/wp\/v2\/pages\/1968\/revisions"}],"predecessor-version":[{"id":1973,"href":"https:\/\/palazzocarafadellaspina.it\/es\/wp-json\/wp\/v2\/pages\/1968\/revisions\/1973"}],"wp:attachment":[{"href":"https:\/\/palazzocarafadellaspina.it\/es\/wp-json\/wp\/v2\/media?parent=1968"}],"curies":[{"name":"wp","href":"https:\/\/api.w.org\/{rel}","templated":true}]}}